{"id":1156,"date":"2020-12-21T12:39:28","date_gmt":"2020-12-21T11:39:28","guid":{"rendered":"https:\/\/dustudio-interiors.com\/?page_id=1156"},"modified":"2023-07-10T21:41:43","modified_gmt":"2023-07-10T19:41:43","slug":"lamotte_project-projet-de-re-amenagement-dun-appartement","status":"publish","type":"page","link":"https:\/\/dustudio-interiors.com\/index.php\/plans-plan-architecte-etude-partielle\/lamotte_project-projet-de-re-amenagement-dun-appartement\/","title":{"rendered":"LAMOTTE_project"},"content":{"rendered":"\n<p class=\"has-text-align-center has-very-light-gray-color has-very-dark-gray-background-color has-text-color has-background has-medium-font-size\"><strong>Projet de re-am\u00e9nagement d\u2019un appartement  &#8211; espace a \u00e9tudier de 89 m\u00b2<\/strong><\/p>\n\n\n\n<figure class=\"wp-block-image size-large\"><img loading=\"lazy\" decoding=\"async\" width=\"933\" height=\"732\" src=\"https:\/\/dustudio-interiors.com\/wp-content\/uploads\/2020\/12\/LAMOTTE-plan-exist.png\" alt=\"\" class=\"wp-image-1155\" srcset=\"https:\/\/dustudio-interiors.com\/wp-content\/uploads\/2020\/12\/LAMOTTE-plan-exist.png 933w, https:\/\/dustudio-interiors.com\/wp-content\/uploads\/2020\/12\/LAMOTTE-plan-exist-300x235.png 300w, https:\/\/dustudio-interiors.com\/wp-content\/uploads\/2020\/12\/LAMOTTE-plan-exist-768x603.png 768w\" sizes=\"auto, (max-width: 933px) 100vw, 933px\" \/><\/figure>\n\n\n\n<p><strong>Cahier de charges:<\/strong><\/p>\n\n\n\n<p>Appartement pour une famille form\u00e9 de 2 adultes et 2 enfants gar\u00e7ons&nbsp;<\/p>\n\n\n\n<p>=> Obligatoire pour ce projet de re-am\u00e9nagement d\u2019appartement<\/p>\n\n\n\n<p>&gt; re-creation d&rsquo;une 2eme salle de bain<br>&gt; creation \/installation&nbsp;d&rsquo;un 2eme WC commun ou pas avec une des 2 salles de bain.<br>&gt; renovation de la salle de bain existante<\/p>\n\n\n\n<p>&gt; remplacement des menuiseries ext\u00e9rieures&nbsp;<\/p>\n\n\n\n<p>&gt; remplacement&nbsp;des radiateurs&nbsp;existants&nbsp;<\/p>\n\n\n\n<p>&gt; am\u00e9nagements int\u00e9rieur et conseils sur la d\u00e9coration<\/p>\n\n\n\n<p>=&gt; Optionnel<\/p>\n\n\n\n<p>&gt; r\u00e9novation compl\u00e8te des sols<\/p>\n\n\n\n<p>&gt; modification des&nbsp;biblioth\u00e8ques&nbsp;int\u00e9gr\u00e9es&nbsp;<\/p>\n\n\n\n<p>&gt; installation de la climatisation<\/p>\n\n\n\n<p>&gt; r\u00e9novation compl\u00e8te des murs<\/p>\n\n\n\n<p>> cr\u00e9ation d&rsquo;une troisi\u00e8me chambre<\/p>\n\n\n\n<p><\/p>\n\n\n\n<p>Voici les diff\u00e9rentes options pour ce projet de re-am\u00e9nagement d\u2019appartement<\/p>\n\n\n\n<p class=\"has-text-align-center has-medium-font-size\"><strong>Option A<\/strong><\/p>\n\n\n\n<figure class=\"wp-block-image size-large\"><img loading=\"lazy\" decoding=\"async\" width=\"1024\" height=\"678\" src=\"https:\/\/dustudio-interiors.com\/wp-content\/uploads\/2020\/12\/LAMOTTE-Option-A-1024x678.png\" alt=\"Projet de re-am\u00e9nagement d\u2019un appartement Option A \/ Olga Dusciac \/ Architecte Garches et St Cloud\" class=\"wp-image-1157\" srcset=\"https:\/\/dustudio-interiors.com\/wp-content\/uploads\/2020\/12\/LAMOTTE-Option-A-1024x678.png 1024w, https:\/\/dustudio-interiors.com\/wp-content\/uploads\/2020\/12\/LAMOTTE-Option-A-300x199.png 300w, https:\/\/dustudio-interiors.com\/wp-content\/uploads\/2020\/12\/LAMOTTE-Option-A-768x509.png 768w, https:\/\/dustudio-interiors.com\/wp-content\/uploads\/2020\/12\/LAMOTTE-Option-A-png.webp 1200w\" sizes=\"auto, (max-width: 1024px) 100vw, 1024px\" \/><figcaption class=\"wp-element-caption\">Option A<\/figcaption><\/figure>\n\n\n\n<p class=\"has-text-align-center has-medium-font-size\"><strong>Option B<\/strong><\/p>\n\n\n\n<figure class=\"wp-block-image size-large\"><img decoding=\"async\" src=\"https:\/\/dustudio-interiors.com\/wp-content\/uploads\/2020\/12\/LAMOTTE-Option-B.png\" alt=\"Projet de re-am\u00e9nagement d\u2019un appartement Option B \/ Olga Dusciac \/ Architecte Garches\" class=\"wp-image-1151\"\/><figcaption class=\"wp-element-caption\">Option B<\/figcaption><\/figure>\n\n\n\n<p class=\"has-text-align-center has-medium-font-size\"><strong>Option B<\/strong>bis<\/p>\n\n\n\n<figure class=\"wp-block-image size-large\"><img loading=\"lazy\" decoding=\"async\" width=\"1024\" height=\"720\" src=\"https:\/\/dustudio-interiors.com\/wp-content\/uploads\/2020\/12\/LAMOTTE-Option-B-bis-1024x720.png\" alt=\"Projet de re-am\u00e9nagement d\u2019un appartement \/ Olga Dusciac \/ Architecte Garches, Paris et St Cloud \" class=\"wp-image-1153\" srcset=\"https:\/\/dustudio-interiors.com\/wp-content\/uploads\/2020\/12\/LAMOTTE-Option-B-bis-1024x720.png 1024w, https:\/\/dustudio-interiors.com\/wp-content\/uploads\/2020\/12\/LAMOTTE-Option-B-bis-300x211.png 300w, https:\/\/dustudio-interiors.com\/wp-content\/uploads\/2020\/12\/LAMOTTE-Option-B-bis-768x540.png 768w, https:\/\/dustudio-interiors.com\/wp-content\/uploads\/2020\/12\/LAMOTTE-Option-B-bis-png.webp 1086w\" sizes=\"auto, (max-width: 1024px) 100vw, 1024px\" \/><figcaption class=\"wp-element-caption\">Option B bis<\/figcaption><\/figure>\n\n\n\n<p class=\"has-text-align-center has-medium-font-size\"><strong>Option FINALE<\/strong><\/p>\n\n\n\n<figure class=\"wp-block-image size-large\"><img decoding=\"async\" src=\"https:\/\/dustudio-interiors.com\/wp-content\/uploads\/2020\/12\/LAMOTTE-PLAN-FINAL.png\" alt=\"Plan projet\u00e9 final Projet de re-am\u00e9nagement d\u2019un appartement \" class=\"wp-image-1154\"\/><figcaption class=\"wp-element-caption\">Option Finalle<\/figcaption><\/figure>\n\n\n\n<p>  =&gt;&nbsp;<strong><a href=\"https:\/\/dustudio-interiors.com\/index.php\/lamotte_project\/\">PHOTOS PROJET R\u00c9ALIS\u00c9<\/a><\/strong> <\/p>\n","protected":false},"excerpt":{"rendered":"<p>Projet de re-am\u00e9nagement d\u2019un appartement &#8211; espace a \u00e9tudier de 89 m\u00b2 Cahier de charges: Appartement pour une famille form\u00e9 de 2 adultes et 2 enfants gar\u00e7ons&nbsp; => Obligatoire pour ce projet de re-am\u00e9nagement d\u2019appartement &gt; re-creation d&rsquo;une 2eme salle de bain&gt; creation \/installation&nbsp;d&rsquo;un 2eme WC commun ou pas avec une des 2 salles de bain.&gt; renovation de la salle de bain existante &gt; remplacement des menuiseries ext\u00e9rieures&nbsp; &gt; remplacement&nbsp;des<\/p>\n<div class=\"read-more\"><a class=\"btn read-more-btn\" href=\"https:\/\/dustudio-interiors.com\/index.php\/plans-plan-architecte-etude-partielle\/lamotte_project-projet-de-re-amenagement-dun-appartement\/\">Read More<\/a><\/div>\n","protected":false},"author":1,"featured_media":0,"parent":79,"menu_order":0,"comment_status":"closed","ping_status":"closed","template":"","meta":{"om_disable_all_campaigns":false,"_monsterinsights_skip_tracking":false,"_monsterinsights_sitenote_active":false,"_monsterinsights_sitenote_note":"","_monsterinsights_sitenote_category":0,"footnotes":""},"class_list":["post-1156","page","type-page","status-publish","hentry"],"yoast_head":"<!-- This site is optimized with the Yoast SEO plugin v27.5 - https:\/\/yoast.com\/product\/yoast-seo-wordpress\/ -->\n<title>Projet de re-am\u00e9nagement d\u2019un appartement : Olga Dusciac \/<\/title>\n<meta name=\"description\" content=\"Projet de re-am\u00e9nagement d\u2019un appartement espace a \u00e9tudier de 89 m\u00b2. Architecture d\u2019int\u00e9rieur et decoration appartement Paris \/ Haut-de-Seine\" \/>\n<meta name=\"robots\" content=\"index, follow, max-snippet:-1, max-image-preview:large, max-video-preview:-1\" \/>\n<link rel=\"canonical\" href=\"https:\/\/dustudio-interiors.com\/index.php\/plans-plan-architecte-etude-partielle\/lamotte_project-projet-de-re-amenagement-dun-appartement\/\" \/>\n<meta property=\"og:locale\" content=\"fr_FR\" \/>\n<meta property=\"og:type\" content=\"article\" \/>\n<meta property=\"og:title\" content=\"Projet de re-am\u00e9nagement d\u2019un appartement : Olga Dusciac \/\" \/>\n<meta property=\"og:description\" content=\"Projet de re-am\u00e9nagement d\u2019un appartement espace a \u00e9tudier de 89 m\u00b2. Architecture d\u2019int\u00e9rieur et decoration appartement Paris \/ Haut-de-Seine\" \/>\n<meta property=\"og:url\" content=\"https:\/\/dustudio-interiors.com\/index.php\/plans-plan-architecte-etude-partielle\/lamotte_project-projet-de-re-amenagement-dun-appartement\/\" \/>\n<meta property=\"article:publisher\" content=\"https:\/\/www.facebook.com\/dustudio\/?locale=fr_FR\" \/>\n<meta property=\"article:modified_time\" content=\"2023-07-10T19:41:43+00:00\" \/>\n<meta property=\"og:image\" content=\"https:\/\/dustudio-interiors.com\/wp-content\/uploads\/2020\/12\/LAMOTTE-plan-exist.png\" \/>\n<meta name=\"twitter:card\" content=\"summary_large_image\" \/>\n<meta name=\"twitter:label1\" content=\"Dur\u00e9e de lecture estim\u00e9e\" \/>\n\t<meta name=\"twitter:data1\" content=\"2 minutes\" \/>\n<script type=\"application\/ld+json\" class=\"yoast-schema-graph\">{\"@context\":\"https:\\\/\\\/schema.org\",\"@graph\":[{\"@type\":\"WebPage\",\"@id\":\"https:\\\/\\\/dustudio-interiors.com\\\/index.php\\\/plans-plan-architecte-etude-partielle\\\/lamotte_project-projet-de-re-amenagement-dun-appartement\\\/\",\"url\":\"https:\\\/\\\/dustudio-interiors.com\\\/index.php\\\/plans-plan-architecte-etude-partielle\\\/lamotte_project-projet-de-re-amenagement-dun-appartement\\\/\",\"name\":\"Projet de re-am\u00e9nagement d\u2019un appartement : Olga Dusciac \\\/\",\"isPartOf\":{\"@id\":\"https:\\\/\\\/dustudio-interiors.com\\\/#website\"},\"primaryImageOfPage\":{\"@id\":\"https:\\\/\\\/dustudio-interiors.com\\\/index.php\\\/plans-plan-architecte-etude-partielle\\\/lamotte_project-projet-de-re-amenagement-dun-appartement\\\/#primaryimage\"},\"image\":{\"@id\":\"https:\\\/\\\/dustudio-interiors.com\\\/index.php\\\/plans-plan-architecte-etude-partielle\\\/lamotte_project-projet-de-re-amenagement-dun-appartement\\\/#primaryimage\"},\"thumbnailUrl\":\"https:\\\/\\\/dustudio-interiors.com\\\/wp-content\\\/uploads\\\/2020\\\/12\\\/LAMOTTE-plan-exist.png\",\"datePublished\":\"2020-12-21T11:39:28+00:00\",\"dateModified\":\"2023-07-10T19:41:43+00:00\",\"description\":\"Projet de re-am\u00e9nagement d\u2019un appartement espace a \u00e9tudier de 89 m\u00b2. Architecture d\u2019int\u00e9rieur et decoration appartement Paris \\\/ Haut-de-Seine\",\"breadcrumb\":{\"@id\":\"https:\\\/\\\/dustudio-interiors.com\\\/index.php\\\/plans-plan-architecte-etude-partielle\\\/lamotte_project-projet-de-re-amenagement-dun-appartement\\\/#breadcrumb\"},\"inLanguage\":\"fr-FR\",\"potentialAction\":[{\"@type\":\"ReadAction\",\"target\":[\"https:\\\/\\\/dustudio-interiors.com\\\/index.php\\\/plans-plan-architecte-etude-partielle\\\/lamotte_project-projet-de-re-amenagement-dun-appartement\\\/\"]}]},{\"@type\":\"ImageObject\",\"inLanguage\":\"fr-FR\",\"@id\":\"https:\\\/\\\/dustudio-interiors.com\\\/index.php\\\/plans-plan-architecte-etude-partielle\\\/lamotte_project-projet-de-re-amenagement-dun-appartement\\\/#primaryimage\",\"url\":\"https:\\\/\\\/dustudio-interiors.com\\\/wp-content\\\/uploads\\\/2020\\\/12\\\/LAMOTTE-plan-exist.png\",\"contentUrl\":\"https:\\\/\\\/dustudio-interiors.com\\\/wp-content\\\/uploads\\\/2020\\\/12\\\/LAMOTTE-plan-exist.png\",\"width\":933,\"height\":732},{\"@type\":\"BreadcrumbList\",\"@id\":\"https:\\\/\\\/dustudio-interiors.com\\\/index.php\\\/plans-plan-architecte-etude-partielle\\\/lamotte_project-projet-de-re-amenagement-dun-appartement\\\/#breadcrumb\",\"itemListElement\":[{\"@type\":\"ListItem\",\"position\":1,\"name\":\"Accueil\",\"item\":\"https:\\\/\\\/dustudio-interiors.com\\\/\"},{\"@type\":\"ListItem\",\"position\":2,\"name\":\"PLANS \\\/ ETUDE PARTIELLE\",\"item\":\"https:\\\/\\\/dustudio-interiors.com\\\/index.php\\\/plans-plan-architecte-etude-partielle\\\/\"},{\"@type\":\"ListItem\",\"position\":3,\"name\":\"LAMOTTE_project\"}]},{\"@type\":\"WebSite\",\"@id\":\"https:\\\/\\\/dustudio-interiors.com\\\/#website\",\"url\":\"https:\\\/\\\/dustudio-interiors.com\\\/\",\"name\":\"https:\\\/\\\/dustudio-interiors.com\",\"description\":\"Cr\u00e9ons ensemble des int\u00e9rieurs uniques, entre \u00e9l\u00e9gance et fonctionnalit\u00e9.\",\"publisher\":{\"@id\":\"https:\\\/\\\/dustudio-interiors.com\\\/#organization\"},\"potentialAction\":[{\"@type\":\"SearchAction\",\"target\":{\"@type\":\"EntryPoint\",\"urlTemplate\":\"https:\\\/\\\/dustudio-interiors.com\\\/?s={search_term_string}\"},\"query-input\":{\"@type\":\"PropertyValueSpecification\",\"valueRequired\":true,\"valueName\":\"search_term_string\"}}],\"inLanguage\":\"fr-FR\"},{\"@type\":\"Organization\",\"@id\":\"https:\\\/\\\/dustudio-interiors.com\\\/#organization\",\"name\":\"DUstudiO Interiors\",\"url\":\"https:\\\/\\\/dustudio-interiors.com\\\/\",\"logo\":{\"@type\":\"ImageObject\",\"inLanguage\":\"fr-FR\",\"@id\":\"https:\\\/\\\/dustudio-interiors.com\\\/#\\\/schema\\\/logo\\\/image\\\/\",\"url\":\"https:\\\/\\\/dustudio-interiors.com\\\/wp-content\\\/uploads\\\/2017\\\/10\\\/logo-dustudio-social.png\",\"contentUrl\":\"https:\\\/\\\/dustudio-interiors.com\\\/wp-content\\\/uploads\\\/2017\\\/10\\\/logo-dustudio-social.png\",\"width\":170,\"height\":170,\"caption\":\"DUstudiO Interiors\"},\"image\":{\"@id\":\"https:\\\/\\\/dustudio-interiors.com\\\/#\\\/schema\\\/logo\\\/image\\\/\"},\"sameAs\":[\"https:\\\/\\\/www.facebook.com\\\/dustudio\\\/?locale=fr_FR\",\"https:\\\/\\\/www.instagram.com\\\/dustudio_interiors\\\/\",\"https:\\\/\\\/www.youtube.com\\\/channel\\\/UC3ub4LaoSfoFXAari2N1Bqg\"]}]}<\/script>\n<!-- \/ Yoast SEO plugin. -->","yoast_head_json":{"title":"Projet de re-am\u00e9nagement d\u2019un appartement : Olga Dusciac \/","description":"Projet de re-am\u00e9nagement d\u2019un appartement espace a \u00e9tudier de 89 m\u00b2. Architecture d\u2019int\u00e9rieur et decoration appartement Paris \/ Haut-de-Seine","robots":{"index":"index","follow":"follow","max-snippet":"max-snippet:-1","max-image-preview":"max-image-preview:large","max-video-preview":"max-video-preview:-1"},"canonical":"https:\/\/dustudio-interiors.com\/index.php\/plans-plan-architecte-etude-partielle\/lamotte_project-projet-de-re-amenagement-dun-appartement\/","og_locale":"fr_FR","og_type":"article","og_title":"Projet de re-am\u00e9nagement d\u2019un appartement : Olga Dusciac \/","og_description":"Projet de re-am\u00e9nagement d\u2019un appartement espace a \u00e9tudier de 89 m\u00b2. Architecture d\u2019int\u00e9rieur et decoration appartement Paris \/ Haut-de-Seine","og_url":"https:\/\/dustudio-interiors.com\/index.php\/plans-plan-architecte-etude-partielle\/lamotte_project-projet-de-re-amenagement-dun-appartement\/","article_publisher":"https:\/\/www.facebook.com\/dustudio\/?locale=fr_FR","article_modified_time":"2023-07-10T19:41:43+00:00","og_image":[{"url":"https:\/\/dustudio-interiors.com\/wp-content\/uploads\/2020\/12\/LAMOTTE-plan-exist.png","type":"","width":"","height":""}],"twitter_card":"summary_large_image","twitter_misc":{"Dur\u00e9e de lecture estim\u00e9e":"2 minutes"},"schema":{"@context":"https:\/\/schema.org","@graph":[{"@type":"WebPage","@id":"https:\/\/dustudio-interiors.com\/index.php\/plans-plan-architecte-etude-partielle\/lamotte_project-projet-de-re-amenagement-dun-appartement\/","url":"https:\/\/dustudio-interiors.com\/index.php\/plans-plan-architecte-etude-partielle\/lamotte_project-projet-de-re-amenagement-dun-appartement\/","name":"Projet de re-am\u00e9nagement d\u2019un appartement : Olga Dusciac \/","isPartOf":{"@id":"https:\/\/dustudio-interiors.com\/#website"},"primaryImageOfPage":{"@id":"https:\/\/dustudio-interiors.com\/index.php\/plans-plan-architecte-etude-partielle\/lamotte_project-projet-de-re-amenagement-dun-appartement\/#primaryimage"},"image":{"@id":"https:\/\/dustudio-interiors.com\/index.php\/plans-plan-architecte-etude-partielle\/lamotte_project-projet-de-re-amenagement-dun-appartement\/#primaryimage"},"thumbnailUrl":"https:\/\/dustudio-interiors.com\/wp-content\/uploads\/2020\/12\/LAMOTTE-plan-exist.png","datePublished":"2020-12-21T11:39:28+00:00","dateModified":"2023-07-10T19:41:43+00:00","description":"Projet de re-am\u00e9nagement d\u2019un appartement espace a \u00e9tudier de 89 m\u00b2. Architecture d\u2019int\u00e9rieur et decoration appartement Paris \/ Haut-de-Seine","breadcrumb":{"@id":"https:\/\/dustudio-interiors.com\/index.php\/plans-plan-architecte-etude-partielle\/lamotte_project-projet-de-re-amenagement-dun-appartement\/#breadcrumb"},"inLanguage":"fr-FR","potentialAction":[{"@type":"ReadAction","target":["https:\/\/dustudio-interiors.com\/index.php\/plans-plan-architecte-etude-partielle\/lamotte_project-projet-de-re-amenagement-dun-appartement\/"]}]},{"@type":"ImageObject","inLanguage":"fr-FR","@id":"https:\/\/dustudio-interiors.com\/index.php\/plans-plan-architecte-etude-partielle\/lamotte_project-projet-de-re-amenagement-dun-appartement\/#primaryimage","url":"https:\/\/dustudio-interiors.com\/wp-content\/uploads\/2020\/12\/LAMOTTE-plan-exist.png","contentUrl":"https:\/\/dustudio-interiors.com\/wp-content\/uploads\/2020\/12\/LAMOTTE-plan-exist.png","width":933,"height":732},{"@type":"BreadcrumbList","@id":"https:\/\/dustudio-interiors.com\/index.php\/plans-plan-architecte-etude-partielle\/lamotte_project-projet-de-re-amenagement-dun-appartement\/#breadcrumb","itemListElement":[{"@type":"ListItem","position":1,"name":"Accueil","item":"https:\/\/dustudio-interiors.com\/"},{"@type":"ListItem","position":2,"name":"PLANS \/ ETUDE PARTIELLE","item":"https:\/\/dustudio-interiors.com\/index.php\/plans-plan-architecte-etude-partielle\/"},{"@type":"ListItem","position":3,"name":"LAMOTTE_project"}]},{"@type":"WebSite","@id":"https:\/\/dustudio-interiors.com\/#website","url":"https:\/\/dustudio-interiors.com\/","name":"https:\/\/dustudio-interiors.com","description":"Cr\u00e9ons ensemble des int\u00e9rieurs uniques, entre \u00e9l\u00e9gance et fonctionnalit\u00e9.","publisher":{"@id":"https:\/\/dustudio-interiors.com\/#organization"},"potentialAction":[{"@type":"SearchAction","target":{"@type":"EntryPoint","urlTemplate":"https:\/\/dustudio-interiors.com\/?s={search_term_string}"},"query-input":{"@type":"PropertyValueSpecification","valueRequired":true,"valueName":"search_term_string"}}],"inLanguage":"fr-FR"},{"@type":"Organization","@id":"https:\/\/dustudio-interiors.com\/#organization","name":"DUstudiO Interiors","url":"https:\/\/dustudio-interiors.com\/","logo":{"@type":"ImageObject","inLanguage":"fr-FR","@id":"https:\/\/dustudio-interiors.com\/#\/schema\/logo\/image\/","url":"https:\/\/dustudio-interiors.com\/wp-content\/uploads\/2017\/10\/logo-dustudio-social.png","contentUrl":"https:\/\/dustudio-interiors.com\/wp-content\/uploads\/2017\/10\/logo-dustudio-social.png","width":170,"height":170,"caption":"DUstudiO Interiors"},"image":{"@id":"https:\/\/dustudio-interiors.com\/#\/schema\/logo\/image\/"},"sameAs":["https:\/\/www.facebook.com\/dustudio\/?locale=fr_FR","https:\/\/www.instagram.com\/dustudio_interiors\/","https:\/\/www.youtube.com\/channel\/UC3ub4LaoSfoFXAari2N1Bqg"]}]}},"_links":{"self":[{"href":"https:\/\/dustudio-interiors.com\/index.php\/wp-json\/wp\/v2\/pages\/1156","targetHints":{"allow":["GET"]}}],"collection":[{"href":"https:\/\/dustudio-interiors.com\/index.php\/wp-json\/wp\/v2\/pages"}],"about":[{"href":"https:\/\/dustudio-interiors.com\/index.php\/wp-json\/wp\/v2\/types\/page"}],"author":[{"embeddable":true,"href":"https:\/\/dustudio-interiors.com\/index.php\/wp-json\/wp\/v2\/users\/1"}],"replies":[{"embeddable":true,"href":"https:\/\/dustudio-interiors.com\/index.php\/wp-json\/wp\/v2\/comments?post=1156"}],"version-history":[{"count":5,"href":"https:\/\/dustudio-interiors.com\/index.php\/wp-json\/wp\/v2\/pages\/1156\/revisions"}],"predecessor-version":[{"id":1812,"href":"https:\/\/dustudio-interiors.com\/index.php\/wp-json\/wp\/v2\/pages\/1156\/revisions\/1812"}],"up":[{"embeddable":true,"href":"https:\/\/dustudio-interiors.com\/index.php\/wp-json\/wp\/v2\/pages\/79"}],"wp:attachment":[{"href":"https:\/\/dustudio-interiors.com\/index.php\/wp-json\/wp\/v2\/media?parent=1156"}],"curies":[{"name":"wp","href":"https:\/\/api.w.org\/{rel}","templated":true}]}}